{"id":1946,"date":"2019-09-21T12:49:36","date_gmt":"2019-09-21T10:49:36","guid":{"rendered":"https:\/\/enequip.es\/neteja-patrimoni-balear\/"},"modified":"2025-09-25T17:13:00","modified_gmt":"2025-09-25T15:13:00","slug":"limpieza-edificios","status":"publish","type":"page","link":"https:\/\/enequip.es\/es\/servicios-tecnicos-limpieza-especializada\/limpieza-edificios\/","title":{"rendered":"Limpieza de Edificios"},"content":{"rendered":"<div class=\"wpb-content-wrapper\"><p>[vc_row full_width=&#8221;stretch_row&#8221; css=&#8221;.vc_custom_1758813094498{padding-top: 50px !important;padding-bottom: 125px !important;background-image: url(https:\/\/enequip.es\/wp-content\/uploads\/2019\/11\/enEquip-fons-serveis-tecnics.jpg?id=1342) !important;background-position: center !important;background-repeat: no-repeat !important;background-size: cover !important;}&#8221;][vc_column]<div class=\"text-block\" ><div class=\"simple-text\"><h4 style=\"text-align: center;\"><span style=\"color: #ffffff;\">Servicios T\u00e9cnicos<\/span><\/h4>\n<\/div><\/div><div class=\"text-block\" ><div class=\"simple-text\"><h1 style=\"text-align: center;\"><span style=\"color: #ffffff;\">Limpieza de Edificios<\/span><\/h1>\n<\/div><\/div>[\/vc_column][\/vc_row][vc_row full_height=&#8221;yes&#8221; equal_height=&#8221;yes&#8221; content_placement=&#8221;middle&#8221;][vc_column width=&#8221;2\/3&#8243;]<div  class=\"simple-img\" align=\"right\"><img loading=\"lazy\" decoding=\"async\" class=\"img-responwsive\" src=\"https:\/\/enequip.es\/wp-content\/uploads\/2025\/09\/enEquip-neteja-edificis.jpg\" height=\"440\" width=\"392\" alt=\"\"><div class=\"simple-img-desc\"><\/div><\/div>[\/vc_column][vc_column width=&#8221;1\/3&#8243;]<div class=\"text-block\" ><div class=\"simple-text\"><h3 style=\"text-align: left;\"><span style=\"color: #001f5b;\">Contribuimos a la buena imagen de edificios emblem\u00e1ticos, de usos administrativos, judiciales, culturales o institucionales<\/span><\/h3>\n<\/div><\/div><div  class=\"empty-space  marg-lg-b30\"><\/div><div class=\"text-block\" ><div class=\"simple-text\"><p>Contribuimos a la buena imagen de edificios emblem\u00e1ticos, destinados a usos administrativos, judiciales, culturales o institucionales. Adaptamos los horarios y las caracter\u00edsticas del servicio a las <span style=\"color: #003366;\"><strong>necesidades espec\u00edficas de los inmuebles y de las personas usuarias<\/strong><\/span>, y de su agenda de actividades.<\/p>\n<p>Prestamos un servicio personalizado y experto, \u00e1gil en la respuesta y con interlocuci\u00f3n directa. Velamos para crear un t\u00e1ndem <span style=\"color: #003366;\"><strong>enEquip <\/strong><\/span>con las personas gestoras del equipamiento y poder garantizar la m\u00e1xima satisfacci\u00f3n.<\/p>\n<p>Somos innovadores en el uso de tecnolog\u00eda punta para los servicios m\u00e1s espec\u00edficos, garantizando as\u00ed la eficiencia y el logro de altos est\u00e1ndares de calidad. Aplicamos la mejora continua en nuestros servicios, en t\u00e9rminos de sostenibilidad y de respeto del medio ambiente.<\/p>\n<\/div><\/div><div  class=\"empty-space  marg-lg-b30\"><\/div>[\/vc_column][\/vc_row][vc_row css=&#8221;.vc_custom_1573757569027{padding-top: 50px !important;}&#8221;][vc_column width=&#8221;1\/5&#8243;]<div tabindex=\"0\" class=\"ult-new-ib ult-ib-effect-style2  ult-ib-resp  \" data-min-width=\"768\" data-max-width=\"900\" style=\"background:#001f5b;\" data-opacity=\"1\" data-hover-opacity=\"1\" ><img decoding=\"async\" class=\"ult-new-ib-img\" style=\"opacity:1;\" alt=\"Serveis de neteja d&#039;escoletes a les Illes Balears - enEquip\" src=\"https:\/\/enequip.es\/wp-content\/uploads\/2025\/09\/Serveis-de-neteja-descoletes-a-les-Illes-Balears-enEquip.jpg\"   \/><div id=\"interactive-banner-wrap-1136\" class=\"ult-new-ib-desc\" style=\"\"><h2 class=\"ult-new-ib-title ult-responsive\"  data-ultimate-target='#interactive-banner-wrap-1136 .ult-new-ib-title'  data-responsive-json-new='{\"font-size\":\"desktop:12px;\",\"line-height\":\"\"}'  style=\"font-weight:normal;color:#001f5b;\">Limpieza de Centros Educativos<\/h2><\/div><a class=\"ult-new-ib-link\" href=\"https:\/\/enequip.es\/es\/servicios-tecnicos-limpieza-especializada\/limpieza-de-centros-educativos\/\"  ><\/a><\/div>[\/vc_column][vc_column width=&#8221;1\/5&#8243;]<div tabindex=\"0\" class=\"ult-new-ib ult-ib-effect-style2  ult-ib-resp  \" data-min-width=\"768\" data-max-width=\"900\" style=\"background:#001f5b;\" data-opacity=\"1\" data-hover-opacity=\"1\" ><img decoding=\"async\" class=\"ult-new-ib-img\" style=\"opacity:1;\" alt=\"enEquip-neteja-equipaments-esportius_\" src=\"https:\/\/enequip.es\/wp-content\/uploads\/2025\/07\/enEquip-neteja-equipaments-esportius_.jpg\"   \/><div id=\"interactive-banner-wrap-7633\" class=\"ult-new-ib-desc\" style=\"\"><h2 class=\"ult-new-ib-title ult-responsive\"  data-ultimate-target='#interactive-banner-wrap-7633 .ult-new-ib-title'  data-responsive-json-new='{\"font-size\":\"desktop:12px;\",\"line-height\":\"\"}'  style=\"font-weight:normal;color:#001f5b;\">Limpieza de Instalaciones Deportivas<\/h2><\/div><a class=\"ult-new-ib-link\" href=\"https:\/\/enequip.es\/es\/servicios-tecnicos-limpieza-especializada\/limpieza-de-instalaciones-deportivas\/\" title=\"Limpieza de Instalaciones Deportivas\"  ><\/a><\/div>[\/vc_column][vc_column width=&#8221;1\/5&#8243;]<div tabindex=\"0\" class=\"ult-new-ib ult-ib-effect-style2  ult-ib-resp  \" data-min-width=\"768\" data-max-width=\"900\" style=\"background:#001f5b;\" data-opacity=\"1\" data-hover-opacity=\"1\" ><img decoding=\"async\" class=\"ult-new-ib-img\" style=\"opacity:1;\" alt=\"enEquip-neteja-sociosanitaria-hospitalaria_\" src=\"https:\/\/enequip.es\/wp-content\/uploads\/2025\/07\/enEquip-neteja-sociosanitaria-hospitalaria_.jpg\"   \/><div id=\"interactive-banner-wrap-4330\" class=\"ult-new-ib-desc\" style=\"\"><h2 class=\"ult-new-ib-title ult-responsive\"  data-ultimate-target='#interactive-banner-wrap-4330 .ult-new-ib-title'  data-responsive-json-new='{\"font-size\":\"desktop:12px;\",\"line-height\":\"\"}'  style=\"font-weight:normal;color:#001f5b;\">Limpieza Sociosanitaria y Hospitalaria<\/h2><\/div><a class=\"ult-new-ib-link\" href=\"https:\/\/enequip.es\/es\/servicios-tecnicos-limpieza-especializada\/limpieza-sociosanitaria-y-hospitalaria\/\" title=\"Limpieza Sociosanitaria y Hospitalaria\"  ><\/a><\/div>[\/vc_column][vc_column width=&#8221;1\/5&#8243;]<div tabindex=\"0\" class=\"ult-new-ib ult-ib-effect-style2  ult-ib-resp  \" data-min-width=\"768\" data-max-width=\"900\" style=\"background:#001f5b;\" data-opacity=\"1\" data-hover-opacity=\"1\" ><img decoding=\"async\" class=\"ult-new-ib-img\" style=\"opacity:1;\" alt=\"Serveis de neteja a hotels i espais tur\u00edstics a les Illes Balears - enEquip\" src=\"https:\/\/enequip.es\/wp-content\/uploads\/2025\/09\/Serveis-de-neteja-a-hotels-i-espais-turistics-a-les-Illes-Balears-enEquip.jpg\"   \/><div id=\"interactive-banner-wrap-4646\" class=\"ult-new-ib-desc\" style=\"\"><h2 class=\"ult-new-ib-title ult-responsive\"  data-ultimate-target='#interactive-banner-wrap-4646 .ult-new-ib-title'  data-responsive-json-new='{\"font-size\":\"desktop:12px;\",\"line-height\":\"\"}'  style=\"font-weight:normal;color:#001f5b;\">Limpieza Especializada de Hoteles<\/h2><\/div><a class=\"ult-new-ib-link\" href=\"https:\/\/enequip.es\/es\/servicios-tecnicos-limpieza-especializada\/limpieza-especializada-de-hoteles\/\" title=\"Limpieza especializada de Hoteles\"  ><\/a><\/div>[\/vc_column][vc_column width=&#8221;1\/5&#8243;][\/vc_column][\/vc_row]<\/p>\n<\/div>","protected":false},"excerpt":{"rendered":"<p>[vc_row full_width=&#8221;stretch_row&#8221; css=&#8221;.vc_custom_1758813094498{padding-top: 50px !important;padding-bottom: 125px !important;background-image: url(https:\/\/enequip.es\/wp-content\/uploads\/2019\/11\/enEquip-fons-serveis-tecnics.jpg?id=1342) !important;background-position: center !important;background-repeat: no-repeat !important;background-size: cover !important;}&#8221;][vc_column][\/vc_column][\/vc_row][vc_row full_height=&#8221;yes&#8221; equal_height=&#8221;yes&#8221; content_placement=&#8221;middle&#8221;][vc_column width=&#8221;2\/3&#8243;][\/vc_column][vc_column width=&#8221;1\/3&#8243;][\/vc_column][\/vc_row][vc_row css=&#8221;.vc_custom_1573757569027{padding-top: 50px !important;}&#8221;][vc_column width=&#8221;1\/5&#8243;][\/vc_column][vc_column width=&#8221;1\/5&#8243;][\/vc_column][vc_column width=&#8221;1\/5&#8243;][\/vc_column][vc_column width=&#8221;1\/5&#8243;][\/vc_column][vc_column width=&#8221;1\/5&#8243;][\/vc_column][\/vc_row]<\/p>\n","protected":false},"author":1,"featured_media":0,"parent":1950,"menu_order":0,"comment_status":"closed","ping_status":"closed","template":"","meta":{"footnotes":""},"class_list":["post-1946","page","type-page","status-publish","hentry"],"yoast_head":"<!-- This site is optimized with the Yoast SEO plugin v27.5 - https:\/\/yoast.com\/product\/yoast-seo-wordpress\/ -->\n<title>Limpieza de Edificios - enEquip, serveis integrals a persones i a edificis | Illes Balears<\/title>\n<meta name=\"description\" content=\"EnEquip, empresa de servicios de limpieza en edificios corporativos e institucionales en las Islas Baleares. Eficiencia y respeto ambiental.\" \/>\n<meta name=\"robots\" content=\"index, follow, max-snippet:-1, max-image-preview:large, max-video-preview:-1\" \/>\n<link rel=\"canonical\" href=\"https:\/\/enequip.es\/es\/servicios-tecnicos-limpieza-especializada\/limpieza-edificios\/\" \/>\n<meta property=\"og:locale\" content=\"es_ES\" \/>\n<meta property=\"og:type\" content=\"article\" \/>\n<meta property=\"og:title\" content=\"Limpieza de Edificios - enEquip, serveis integrals a persones i a edificis | Illes Balears\" \/>\n<meta property=\"og:description\" content=\"EnEquip, empresa de servicios de limpieza en edificios corporativos e institucionales en las Islas Baleares. Eficiencia y respeto ambiental.\" \/>\n<meta property=\"og:url\" content=\"https:\/\/enequip.es\/es\/servicios-tecnicos-limpieza-especializada\/limpieza-edificios\/\" \/>\n<meta property=\"og:site_name\" content=\"enEquip, serveis integrals a persones i a edificis | Illes Balears\" \/>\n<meta property=\"article:modified_time\" content=\"2025-09-25T15:13:00+00:00\" \/>\n<meta name=\"twitter:card\" content=\"summary_large_image\" \/>\n<meta name=\"twitter:label1\" content=\"Tiempo de lectura\" \/>\n\t<meta name=\"twitter:data1\" content=\"2 minutos\" \/>\n<script type=\"application\/ld+json\" class=\"yoast-schema-graph\">{\"@context\":\"https:\\\/\\\/schema.org\",\"@graph\":[{\"@type\":\"WebPage\",\"@id\":\"https:\\\/\\\/enequip.es\\\/es\\\/servicios-tecnicos-limpieza-especializada\\\/limpieza-edificios\\\/\",\"url\":\"https:\\\/\\\/enequip.es\\\/es\\\/servicios-tecnicos-limpieza-especializada\\\/limpieza-edificios\\\/\",\"name\":\"Limpieza de Edificios - enEquip, serveis integrals a persones i a edificis | Illes Balears\",\"isPartOf\":{\"@id\":\"https:\\\/\\\/enequip.es\\\/es\\\/#website\"},\"datePublished\":\"2019-09-21T10:49:36+00:00\",\"dateModified\":\"2025-09-25T15:13:00+00:00\",\"description\":\"EnEquip, empresa de servicios de limpieza en edificios corporativos e institucionales en las Islas Baleares. Eficiencia y respeto ambiental.\",\"breadcrumb\":{\"@id\":\"https:\\\/\\\/enequip.es\\\/es\\\/servicios-tecnicos-limpieza-especializada\\\/limpieza-edificios\\\/#breadcrumb\"},\"inLanguage\":\"es\",\"potentialAction\":[{\"@type\":\"ReadAction\",\"target\":[\"https:\\\/\\\/enequip.es\\\/es\\\/servicios-tecnicos-limpieza-especializada\\\/limpieza-edificios\\\/\"]}]},{\"@type\":\"BreadcrumbList\",\"@id\":\"https:\\\/\\\/enequip.es\\\/es\\\/servicios-tecnicos-limpieza-especializada\\\/limpieza-edificios\\\/#breadcrumb\",\"itemListElement\":[{\"@type\":\"ListItem\",\"position\":1,\"name\":\"Home\",\"item\":\"https:\\\/\\\/enequip.es\\\/es\\\/\"},{\"@type\":\"ListItem\",\"position\":2,\"name\":\"Servicios T\u00e9cnicos &#8211; Limpieza Especializada\",\"item\":\"https:\\\/\\\/enequip.es\\\/es\\\/servicios-tecnicos-limpieza-especializada\\\/\"},{\"@type\":\"ListItem\",\"position\":3,\"name\":\"Limpieza de Edificios\"}]},{\"@type\":\"WebSite\",\"@id\":\"https:\\\/\\\/enequip.es\\\/es\\\/#website\",\"url\":\"https:\\\/\\\/enequip.es\\\/es\\\/\",\"name\":\"enEquip, serveis integrals a persones i a edificis | Illes Balears\",\"description\":\"Gestionam projectes per a millorar la vida de les persones i l&#039;entorn dels edifcis. Serveis socials i t\u00e8cnics a les Balears.\",\"publisher\":{\"@id\":\"https:\\\/\\\/enequip.es\\\/es\\\/#organization\"},\"potentialAction\":[{\"@type\":\"SearchAction\",\"target\":{\"@type\":\"EntryPoint\",\"urlTemplate\":\"https:\\\/\\\/enequip.es\\\/es\\\/?s={search_term_string}\"},\"query-input\":{\"@type\":\"PropertyValueSpecification\",\"valueRequired\":true,\"valueName\":\"search_term_string\"}}],\"inLanguage\":\"es\"},{\"@type\":\"Organization\",\"@id\":\"https:\\\/\\\/enequip.es\\\/es\\\/#organization\",\"name\":\"enEquip, serveis integrats a persones i a edificis\",\"url\":\"https:\\\/\\\/enequip.es\\\/es\\\/\",\"logo\":{\"@type\":\"ImageObject\",\"inLanguage\":\"es\",\"@id\":\"https:\\\/\\\/enequip.es\\\/es\\\/#\\\/schema\\\/logo\\\/image\\\/\",\"url\":\"https:\\\/\\\/enequip.es\\\/wp-content\\\/uploads\\\/2019\\\/06\\\/logo_enequip_negre.png\",\"contentUrl\":\"https:\\\/\\\/enequip.es\\\/wp-content\\\/uploads\\\/2019\\\/06\\\/logo_enequip_negre.png\",\"width\":236,\"height\":46,\"caption\":\"enEquip, serveis integrats a persones i a edificis\"},\"image\":{\"@id\":\"https:\\\/\\\/enequip.es\\\/es\\\/#\\\/schema\\\/logo\\\/image\\\/\"},\"sameAs\":[\"https:\\\/\\\/www.linkedin.com\\\/company\\\/enequip\\\/\"]}]}<\/script>\n<!-- \/ Yoast SEO plugin. -->","yoast_head_json":{"title":"Limpieza de Edificios - enEquip, serveis integrals a persones i a edificis | Illes Balears","description":"EnEquip, empresa de servicios de limpieza en edificios corporativos e institucionales en las Islas Baleares. Eficiencia y respeto ambiental.","robots":{"index":"index","follow":"follow","max-snippet":"max-snippet:-1","max-image-preview":"max-image-preview:large","max-video-preview":"max-video-preview:-1"},"canonical":"https:\/\/enequip.es\/es\/servicios-tecnicos-limpieza-especializada\/limpieza-edificios\/","og_locale":"es_ES","og_type":"article","og_title":"Limpieza de Edificios - enEquip, serveis integrals a persones i a edificis | Illes Balears","og_description":"EnEquip, empresa de servicios de limpieza en edificios corporativos e institucionales en las Islas Baleares. Eficiencia y respeto ambiental.","og_url":"https:\/\/enequip.es\/es\/servicios-tecnicos-limpieza-especializada\/limpieza-edificios\/","og_site_name":"enEquip, serveis integrals a persones i a edificis | Illes Balears","article_modified_time":"2025-09-25T15:13:00+00:00","twitter_card":"summary_large_image","twitter_misc":{"Tiempo de lectura":"2 minutos"},"schema":{"@context":"https:\/\/schema.org","@graph":[{"@type":"WebPage","@id":"https:\/\/enequip.es\/es\/servicios-tecnicos-limpieza-especializada\/limpieza-edificios\/","url":"https:\/\/enequip.es\/es\/servicios-tecnicos-limpieza-especializada\/limpieza-edificios\/","name":"Limpieza de Edificios - enEquip, serveis integrals a persones i a edificis | Illes Balears","isPartOf":{"@id":"https:\/\/enequip.es\/es\/#website"},"datePublished":"2019-09-21T10:49:36+00:00","dateModified":"2025-09-25T15:13:00+00:00","description":"EnEquip, empresa de servicios de limpieza en edificios corporativos e institucionales en las Islas Baleares. Eficiencia y respeto ambiental.","breadcrumb":{"@id":"https:\/\/enequip.es\/es\/servicios-tecnicos-limpieza-especializada\/limpieza-edificios\/#breadcrumb"},"inLanguage":"es","potentialAction":[{"@type":"ReadAction","target":["https:\/\/enequip.es\/es\/servicios-tecnicos-limpieza-especializada\/limpieza-edificios\/"]}]},{"@type":"BreadcrumbList","@id":"https:\/\/enequip.es\/es\/servicios-tecnicos-limpieza-especializada\/limpieza-edificios\/#breadcrumb","itemListElement":[{"@type":"ListItem","position":1,"name":"Home","item":"https:\/\/enequip.es\/es\/"},{"@type":"ListItem","position":2,"name":"Servicios T\u00e9cnicos &#8211; Limpieza Especializada","item":"https:\/\/enequip.es\/es\/servicios-tecnicos-limpieza-especializada\/"},{"@type":"ListItem","position":3,"name":"Limpieza de Edificios"}]},{"@type":"WebSite","@id":"https:\/\/enequip.es\/es\/#website","url":"https:\/\/enequip.es\/es\/","name":"enEquip, serveis integrals a persones i a edificis | Illes Balears","description":"Gestionam projectes per a millorar la vida de les persones i l&#039;entorn dels edifcis. Serveis socials i t\u00e8cnics a les Balears.","publisher":{"@id":"https:\/\/enequip.es\/es\/#organization"},"potentialAction":[{"@type":"SearchAction","target":{"@type":"EntryPoint","urlTemplate":"https:\/\/enequip.es\/es\/?s={search_term_string}"},"query-input":{"@type":"PropertyValueSpecification","valueRequired":true,"valueName":"search_term_string"}}],"inLanguage":"es"},{"@type":"Organization","@id":"https:\/\/enequip.es\/es\/#organization","name":"enEquip, serveis integrats a persones i a edificis","url":"https:\/\/enequip.es\/es\/","logo":{"@type":"ImageObject","inLanguage":"es","@id":"https:\/\/enequip.es\/es\/#\/schema\/logo\/image\/","url":"https:\/\/enequip.es\/wp-content\/uploads\/2019\/06\/logo_enequip_negre.png","contentUrl":"https:\/\/enequip.es\/wp-content\/uploads\/2019\/06\/logo_enequip_negre.png","width":236,"height":46,"caption":"enEquip, serveis integrats a persones i a edificis"},"image":{"@id":"https:\/\/enequip.es\/es\/#\/schema\/logo\/image\/"},"sameAs":["https:\/\/www.linkedin.com\/company\/enequip\/"]}]}},"_links":{"self":[{"href":"https:\/\/enequip.es\/es\/wp-json\/wp\/v2\/pages\/1946","targetHints":{"allow":["GET"]}}],"collection":[{"href":"https:\/\/enequip.es\/es\/wp-json\/wp\/v2\/pages"}],"about":[{"href":"https:\/\/enequip.es\/es\/wp-json\/wp\/v2\/types\/page"}],"author":[{"embeddable":true,"href":"https:\/\/enequip.es\/es\/wp-json\/wp\/v2\/users\/1"}],"replies":[{"embeddable":true,"href":"https:\/\/enequip.es\/es\/wp-json\/wp\/v2\/comments?post=1946"}],"version-history":[{"count":15,"href":"https:\/\/enequip.es\/es\/wp-json\/wp\/v2\/pages\/1946\/revisions"}],"predecessor-version":[{"id":4184,"href":"https:\/\/enequip.es\/es\/wp-json\/wp\/v2\/pages\/1946\/revisions\/4184"}],"up":[{"embeddable":true,"href":"https:\/\/enequip.es\/es\/wp-json\/wp\/v2\/pages\/1950"}],"wp:attachment":[{"href":"https:\/\/enequip.es\/es\/wp-json\/wp\/v2\/media?parent=1946"}],"curies":[{"name":"wp","href":"https:\/\/api.w.org\/{rel}","templated":true}]}}